{"id":183,"date":"2017-07-03T17:27:48","date_gmt":"2017-07-03T15:27:48","guid":{"rendered":"https:\/\/www.fablab-sud31.fr\/wordpress\/?page_id=183"},"modified":"2020-04-28T12:58:01","modified_gmt":"2020-04-28T10:58:01","slug":"on-parle-de-nous","status":"publish","type":"page","link":"https:\/\/www.fablab-sud31.fr\/index.php\/on-parle-de-nous","title":{"rendered":"On parle de nous\u2026"},"content":{"rendered":"<div class=\"post-content\">\n<h1>Article paru dans le bulletin municipal de Cintegabelle de d\u00e9cembre 2014 (cliquer pour agrandir)<\/h1>\n<p><a href=\"https:\/\/www.fablab-sud31.fr\/wp-content\/uploads\/2017\/07\/bm_dec_2014.jpg\"><img loading=\"lazy\" decoding=\"async\" class=\"alignnone size-medium wp-image-185\" src=\"https:\/\/www.fablab-sud31.fr\/wp-content\/uploads\/2017\/07\/bm_dec_2014-293x300.jpg\" alt=\"\" width=\"293\" height=\"300\" srcset=\"https:\/\/www.fablab-sud31.fr\/wp-content\/uploads\/2017\/07\/bm_dec_2014-293x300.jpg 293w, https:\/\/www.fablab-sud31.fr\/wp-content\/uploads\/2017\/07\/bm_dec_2014-768x786.jpg 768w, https:\/\/www.fablab-sud31.fr\/wp-content\/uploads\/2017\/07\/bm_dec_2014-1001x1024.jpg 1001w, https:\/\/www.fablab-sud31.fr\/wp-content\/uploads\/2017\/07\/bm_dec_2014.jpg 1619w\" sizes=\"auto, (max-width: 293px) 100vw, 293px\" \/><\/a><\/p>\n<h1>Mention du Fab Lab dans l&rsquo;article de la D\u00e9p\u00eache du Midi sur le march\u00e9 de No\u00ebl de Cintegabelle 2014<\/h1>\n<ul>\n<li><a title=\"March\u00e9 de No\u00ebl : plein succ\u00e8s\" href=\"http:\/\/www.ladepeche.fr\/article\/2014\/12\/29\/2020004-marche-de-noel-plein-succes.html\" hreflang=\"fr\" class=\"external external_icon\" rel=\"nofollow\" target=\"_blank\">Lien vers l&rsquo;article original<\/a><\/li>\n<li><a title=\"March\u00e9 de No\u00ebl : plein succ\u00e8s (pdf)\" href=\"https:\/\/www.fablab-sud31.fr\/wp-content\/uploads\/2017\/07\/marche_noel_2014.pdf\" hreflang=\"fr\">Lien vers le PDF de l&rsquo;article<\/a><\/li>\n<\/ul>\n<h1>Article sur le Fab Lab dans la D\u00e9p\u00eache du Midi, dat\u00e9 du 02 janvier 2015<\/h1>\n<ul>\n<li><a title=\"\u00abFab Lab\u00bb : l'atelier associatif du futur\" href=\"http:\/\/www.ladepeche.fr\/article\/2015\/01\/02\/2021967-fab-lab-l-atelier-associatif-du-futur.html\" hreflang=\"fr\" class=\"external external_icon\" rel=\"nofollow\" target=\"_blank\">Lien vers l&rsquo;article original<\/a><\/li>\n<li><a title=\"\u00abFab Lab\u00bb : l'atelier associatif du futur (pdf)\" href=\"https:\/\/www.fablab-sud31.fr\/wp-content\/uploads\/2017\/07\/ddm_janvier_2015.pdf\" hreflang=\"fr\">Lien vers le PDF de l&rsquo;article<\/a><\/li>\n<\/ul>\n<h1>Article paru dans le bulletin municipal de Lissac de 2015 (cliquer pour agrandir)<\/h1>\n<p><a href=\"https:\/\/www.fablab-sud31.fr\/wp-content\/uploads\/2017\/07\/bm_lissac_2015.jpg\"><img loading=\"lazy\" decoding=\"async\" class=\"alignnone size-medium wp-image-186\" src=\"https:\/\/www.fablab-sud31.fr\/wp-content\/uploads\/2017\/07\/bm_lissac_2015-300x252.jpg\" alt=\"\" width=\"300\" height=\"252\" srcset=\"https:\/\/www.fablab-sud31.fr\/wp-content\/uploads\/2017\/07\/bm_lissac_2015-300x252.jpg 300w, https:\/\/www.fablab-sud31.fr\/wp-content\/uploads\/2017\/07\/bm_lissac_2015-768x644.jpg 768w, https:\/\/www.fablab-sud31.fr\/wp-content\/uploads\/2017\/07\/bm_lissac_2015-1024x859.jpg 1024w, https:\/\/www.fablab-sud31.fr\/wp-content\/uploads\/2017\/07\/bm_lissac_2015.jpg 1366w\" sizes=\"auto, (max-width: 300px) 100vw, 300px\" \/><\/a><\/p>\n<h1><strong>Article paru dans le bulletin municipal de Saint-Quirc de juin 2015<\/strong> (cliquer pour agrandir)<\/h1>\n<p><a href=\"https:\/\/www.fablab-sud31.fr\/wp-content\/uploads\/2017\/07\/bm_saint_quirc_juin_2015.png\"><img loading=\"lazy\" decoding=\"async\" class=\"alignnone size-medium wp-image-187\" src=\"https:\/\/www.fablab-sud31.fr\/wp-content\/uploads\/2017\/07\/bm_saint_quirc_juin_2015-300x176.png\" alt=\"\" width=\"300\" height=\"176\" srcset=\"https:\/\/www.fablab-sud31.fr\/wp-content\/uploads\/2017\/07\/bm_saint_quirc_juin_2015-300x176.png 300w, https:\/\/www.fablab-sud31.fr\/wp-content\/uploads\/2017\/07\/bm_saint_quirc_juin_2015-768x451.png 768w, https:\/\/www.fablab-sud31.fr\/wp-content\/uploads\/2017\/07\/bm_saint_quirc_juin_2015-1024x601.png 1024w, https:\/\/www.fablab-sud31.fr\/wp-content\/uploads\/2017\/07\/bm_saint_quirc_juin_2015.png 1104w\" sizes=\"auto, (max-width: 300px) 100vw, 300px\" \/><\/a><\/p>\n<h1>Article sur le Fab Lab dans la D\u00e9p\u00eache du Midi, dat\u00e9 du 15 septembre 2016<\/h1>\n<ul>\n<li><a title=\"L'impression 3D pour tous\" href=\"http:\/\/www.ladepeche.fr\/article\/2016\/09\/15\/2419283-l-impression-3d-pour-tous.html\" hreflang=\"fr\" class=\"external external_icon\" rel=\"nofollow\" target=\"_blank\">Lien vers l&rsquo;article original<\/a><\/li>\n<li><a title=\"L'impression 3D pour tous (pdf)\" href=\"https:\/\/www.fablab-sud31.fr\/wp-content\/uploads\/2017\/07\/ddm_septembre_2016.pdf\" hreflang=\"fr\">Lien vers le PDF de l&rsquo;article<\/a><\/li>\n<\/ul>\n<h1>Mention du Fab Lab dans La Tribune Toulouse, dat\u00e9 du 10 f\u00e9vrier 2017<\/h1>\n<ul>\n<li><a title=\"Le num\u00e9rique, facteur d'inclusion ou d'exclusion sociale ? (2\/2)\" href=\"http:\/\/objectifnews.latribune.fr\/politique\/debats\/2017-02-10\/le-numerique-facteur-d-inclusion-ou-d-exclusion-sociale-2\/2.html\" hreflang=\"fr\" class=\"external external_icon\" rel=\"nofollow\" target=\"_blank\">Lien vers l&rsquo;article original<\/a><\/li>\n<li><a title=\"Le num\u00e9rique, facteur d'inclusion ou d'exclusion sociale ? (2\/2) (pdf)\" href=\"https:\/\/www.fablab-sud31.fr\/wp-content\/uploads\/2017\/07\/la_tribune_fev_2017.pdf\" hreflang=\"fr\">Lien vers le PDF de l&rsquo;article<\/a><\/li>\n<\/ul>\n<\/div>\n<h1>Article sur le Fab Lab dans la D\u00e9p\u00eache du Midi, dat\u00e9 du 20 juin 2018<\/h1>\n<ul>\n<li><a href=\"https:\/\/www.ladepeche.fr\/article\/2018\/06\/20\/2821165-le-fablab-31-invente-la-picoreuse.html\" class=\"external external_icon\" rel=\"nofollow\" target=\"_blank\">Lien vers l&rsquo;article original<\/a><\/li>\n<li><a href=\"https:\/\/www.fablab-sud31.fr\/wp-content\/uploads\/2018\/06\/ddm_juin_2018.pdf\">Lien vers le PDF de l&rsquo;article<\/a><\/li>\n<\/ul>\n<h1>Article sur le Fab Lab dans la D\u00e9p\u00eache du Midi, dat\u00e9 du 28 avril 2020<\/h1>\n<ul>\n<li><a href=\"https:\/\/www.ladepeche.fr\/2020\/04\/28\/six-mille-masques-vont-bientot-arriver,8865499.php\" class=\"external external_icon\" rel=\"nofollow\" target=\"_blank\">Lien vers l&rsquo;article original<\/a><\/li>\n<li><a href=\"https:\/\/www.fablab-sud31.fr\/wp-content\/uploads\/2020\/04\/ddm_avril_2020.pdf\">Lien vers le PDF de l&rsquo;article<\/a><\/li>\n<\/ul>\n","protected":false},"excerpt":{"rendered":"<p>Article paru dans le bulletin municipal de Cintegabelle de d\u00e9cembre 2014 (cliquer pour agrandir) Mention du Fab Lab dans l&rsquo;article de la D\u00e9p\u00eache du Midi sur le march\u00e9 de No\u00ebl &hellip; <\/p>\n<p class=\"link-more\"><a href=\"https:\/\/www.fablab-sud31.fr\/index.php\/on-parle-de-nous\" class=\"more-link\">Continuer la lecture<span class=\"screen-reader-text\"> de &laquo;&nbsp;On parle de nous\u2026&nbsp;&raquo;<\/span><\/a><\/p>\n","protected":false},"author":1,"featured_media":0,"parent":0,"menu_order":0,"comment_status":"closed","ping_status":"closed","template":"","meta":{"footnotes":""},"class_list":["post-183","page","type-page","status-publish","hentry"],"_links":{"self":[{"href":"https:\/\/www.fablab-sud31.fr\/index.php\/wp-json\/wp\/v2\/pages\/183","targetHints":{"allow":["GET"]}}],"collection":[{"href":"https:\/\/www.fablab-sud31.fr\/index.php\/wp-json\/wp\/v2\/pages"}],"about":[{"href":"https:\/\/www.fablab-sud31.fr\/index.php\/wp-json\/wp\/v2\/types\/page"}],"author":[{"embeddable":true,"href":"https:\/\/www.fablab-sud31.fr\/index.php\/wp-json\/wp\/v2\/users\/1"}],"replies":[{"embeddable":true,"href":"https:\/\/www.fablab-sud31.fr\/index.php\/wp-json\/wp\/v2\/comments?post=183"}],"version-history":[{"count":19,"href":"https:\/\/www.fablab-sud31.fr\/index.php\/wp-json\/wp\/v2\/pages\/183\/revisions"}],"predecessor-version":[{"id":1316,"href":"https:\/\/www.fablab-sud31.fr\/index.php\/wp-json\/wp\/v2\/pages\/183\/revisions\/1316"}],"wp:attachment":[{"href":"https:\/\/www.fablab-sud31.fr\/index.php\/wp-json\/wp\/v2\/media?parent=183"}],"curies":[{"name":"wp","href":"https:\/\/api.w.org\/{rel}","templated":true}]}}