{"id":1024,"date":"2018-05-26T14:14:12","date_gmt":"2018-05-26T12:14:12","guid":{"rendered":"https:\/\/www.fablab-sud31.fr\/?page_id=1024"},"modified":"2018-05-26T14:14:12","modified_gmt":"2018-05-26T12:14:12","slug":"afficheur-telethon","status":"publish","type":"page","link":"https:\/\/www.fablab-sud31.fr\/index.php\/afficheur-telethon","title":{"rendered":"Afficheur T\u00e9l\u00e9thon"},"content":{"rendered":"<h1><em>Par Fab Lab Sud31 &#8211; Val d&rsquo;Ari\u00e8ge<\/em><\/h1>\n<h4>C&rsquo;est quoi ?<\/h4>\n<p>L&rsquo;afficheur T\u00e9l\u00e9thon est un projet commun aux membres du fablab.<\/p>\n<p>Cet afficheur a \u00e9t\u00e9 offert au <a href=\"https:\/\/www.facebook.com\/telethoncintegabelle\/\" class=\"external external_icon\" rel=\"nofollow\" target=\"_blank\">comit\u00e9 T\u00e9l\u00e9thon de Cintegabelle<\/a> afin qu&rsquo;il puisse afficher le total des promesses de dons r\u00e9colt\u00e9es au cours de la journ\u00e9e.<\/p>\n<h4>Outillage utilis\u00e9<\/h4>\n<ul>\n<li>Fraiseuse num\u00e9rique<\/li>\n<li>Imprimante 3D<\/li>\n<li>Labo \u00e9lectronique<\/li>\n<\/ul>\n<h4>Photos<\/h4>\n<div id='gallery-1' class='gallery galleryid-1024 gallery-columns-4 gallery-size-medium'><figure class='gallery-item'>\n\t\t\t<div class='gallery-icon landscape'>\n\t\t\t\t<a href='https:\/\/www.fablab-sud31.fr\/wp-content\/uploads\/2018\/05\/afficheur_telethon_01.jpg'><img loading=\"lazy\" decoding=\"async\" width=\"300\" height=\"225\" src=\"https:\/\/www.fablab-sud31.fr\/wp-content\/uploads\/2018\/05\/afficheur_telethon_01-300x225.jpg\" class=\"attachment-medium size-medium\" alt=\"\" aria-describedby=\"gallery-1-1020\" srcset=\"https:\/\/www.fablab-sud31.fr\/wp-content\/uploads\/2018\/05\/afficheur_telethon_01-300x225.jpg 300w, https:\/\/www.fablab-sud31.fr\/wp-content\/uploads\/2018\/05\/afficheur_telethon_01-768x576.jpg 768w, https:\/\/www.fablab-sud31.fr\/wp-content\/uploads\/2018\/05\/afficheur_telethon_01-1024x768.jpg 1024w\" sizes=\"auto, 100vw\" \/><\/a>\n\t\t\t<\/div>\n\t\t\t\t<figcaption class='wp-caption-text gallery-caption' id='gallery-1-1020'>\n\t\t\t\tAfficheur T\u00e9l\u00e9thon &#8211; en fonctionnement\n\t\t\t\t<\/figcaption><\/figure><figure class='gallery-item'>\n\t\t\t<div class='gallery-icon landscape'>\n\t\t\t\t<a href='https:\/\/www.fablab-sud31.fr\/wp-content\/uploads\/2018\/05\/afficheur_telethon_02.jpg'><img loading=\"lazy\" decoding=\"async\" width=\"300\" height=\"225\" src=\"https:\/\/www.fablab-sud31.fr\/wp-content\/uploads\/2018\/05\/afficheur_telethon_02-300x225.jpg\" class=\"attachment-medium size-medium\" alt=\"\" aria-describedby=\"gallery-1-1021\" srcset=\"https:\/\/www.fablab-sud31.fr\/wp-content\/uploads\/2018\/05\/afficheur_telethon_02-300x225.jpg 300w, https:\/\/www.fablab-sud31.fr\/wp-content\/uploads\/2018\/05\/afficheur_telethon_02-768x576.jpg 768w, https:\/\/www.fablab-sud31.fr\/wp-content\/uploads\/2018\/05\/afficheur_telethon_02-1024x768.jpg 1024w\" sizes=\"auto, 100vw\" \/><\/a>\n\t\t\t<\/div>\n\t\t\t\t<figcaption class='wp-caption-text gallery-caption' id='gallery-1-1021'>\n\t\t\t\tAfficheur T\u00e9l\u00e9thon &#8211; en fonctionnement\n\t\t\t\t<\/figcaption><\/figure><figure class='gallery-item'>\n\t\t\t<div class='gallery-icon landscape'>\n\t\t\t\t<a href='https:\/\/www.fablab-sud31.fr\/wp-content\/uploads\/2018\/05\/afficheur_telethon_04.jpg'><img loading=\"lazy\" decoding=\"async\" width=\"300\" height=\"225\" src=\"https:\/\/www.fablab-sud31.fr\/wp-content\/uploads\/2018\/05\/afficheur_telethon_04-300x225.jpg\" class=\"attachment-medium size-medium\" alt=\"\" aria-describedby=\"gallery-1-1023\" srcset=\"https:\/\/www.fablab-sud31.fr\/wp-content\/uploads\/2018\/05\/afficheur_telethon_04-300x225.jpg 300w, https:\/\/www.fablab-sud31.fr\/wp-content\/uploads\/2018\/05\/afficheur_telethon_04-768x576.jpg 768w, https:\/\/www.fablab-sud31.fr\/wp-content\/uploads\/2018\/05\/afficheur_telethon_04-1024x768.jpg 1024w\" sizes=\"auto, 100vw\" \/><\/a>\n\t\t\t<\/div>\n\t\t\t\t<figcaption class='wp-caption-text gallery-caption' id='gallery-1-1023'>\n\t\t\t\tAfficheur T\u00e9l\u00e9thon &#8211; boitier de commande\n\t\t\t\t<\/figcaption><\/figure><figure class='gallery-item'>\n\t\t\t<div class='gallery-icon landscape'>\n\t\t\t\t<a href='https:\/\/www.fablab-sud31.fr\/wp-content\/uploads\/2018\/05\/afficheur_telethon_03.jpg'><img loading=\"lazy\" decoding=\"async\" width=\"300\" height=\"225\" src=\"https:\/\/www.fablab-sud31.fr\/wp-content\/uploads\/2018\/05\/afficheur_telethon_03-300x225.jpg\" class=\"attachment-medium size-medium\" alt=\"\" aria-describedby=\"gallery-1-1022\" srcset=\"https:\/\/www.fablab-sud31.fr\/wp-content\/uploads\/2018\/05\/afficheur_telethon_03-300x225.jpg 300w, https:\/\/www.fablab-sud31.fr\/wp-content\/uploads\/2018\/05\/afficheur_telethon_03-768x576.jpg 768w, https:\/\/www.fablab-sud31.fr\/wp-content\/uploads\/2018\/05\/afficheur_telethon_03-1024x768.jpg 1024w\" sizes=\"auto, 100vw\" \/><\/a>\n\t\t\t<\/div>\n\t\t\t\t<figcaption class='wp-caption-text gallery-caption' id='gallery-1-1022'>\n\t\t\t\tAfficheur T\u00e9l\u00e9thon &#8211; en construction\n\t\t\t\t<\/figcaption><\/figure>\n\t\t<\/div>\n\n<h4>Vid\u00e9o<\/h4>\n<p><iframe loading=\"lazy\" title=\"Afficheur T\u00e9l\u00e9thon\" width=\"525\" height=\"295\" src=\"https:\/\/www.youtube.com\/embed\/suF8e7z-pSQ?feature=oembed\" frameborder=\"0\" allow=\"accelerometer; autoplay; clipboard-write; encrypted-media; gyroscope; picture-in-picture; web-share\" referrerpolicy=\"strict-origin-when-cross-origin\" allowfullscreen><\/iframe><\/p>\n<h4>Liens<\/h4>\n<p>Le fabriquer :\u00a0<a href=\"https:\/\/wiki.fablab-sud31.fr\/index.php\/Afficheur_Telethon\" class=\"external external_icon\" rel=\"nofollow\" target=\"_blank\">https:\/\/wiki.fablab-sud31.fr\/index.php\/Afficheur_Telethon<\/a><\/p>\n<p>Code source :\u00a0<a href=\"https:\/\/github.com\/Fab-Lab-Sud31-Val-d-Ariege\/afficheur-telethon\" class=\"external external_icon\" rel=\"nofollow\" target=\"_blank\">https:\/\/github.com\/Fab-Lab-Sud31-Val-d-Ariege\/afficheur-telethon<\/a><\/p>\n<p>&nbsp;<\/p>\n","protected":false},"excerpt":{"rendered":"<p>Par Fab Lab Sud31 &#8211; Val d&rsquo;Ari\u00e8ge C&rsquo;est quoi ? L&rsquo;afficheur T\u00e9l\u00e9thon est un projet commun aux membres du fablab. Cet afficheur a \u00e9t\u00e9 offert au comit\u00e9 T\u00e9l\u00e9thon de Cintegabelle &hellip; <\/p>\n<p class=\"link-more\"><a href=\"https:\/\/www.fablab-sud31.fr\/index.php\/afficheur-telethon\" class=\"more-link\">Continuer la lecture<span class=\"screen-reader-text\"> de &laquo;&nbsp;Afficheur T\u00e9l\u00e9thon&nbsp;&raquo;<\/span><\/a><\/p>\n","protected":false},"author":1,"featured_media":1020,"parent":0,"menu_order":0,"comment_status":"closed","ping_status":"closed","template":"","meta":{"footnotes":""},"class_list":["post-1024","page","type-page","status-publish","has-post-thumbnail","hentry"],"_links":{"self":[{"href":"https:\/\/www.fablab-sud31.fr\/index.php\/wp-json\/wp\/v2\/pages\/1024","targetHints":{"allow":["GET"]}}],"collection":[{"href":"https:\/\/www.fablab-sud31.fr\/index.php\/wp-json\/wp\/v2\/pages"}],"about":[{"href":"https:\/\/www.fablab-sud31.fr\/index.php\/wp-json\/wp\/v2\/types\/page"}],"author":[{"embeddable":true,"href":"https:\/\/www.fablab-sud31.fr\/index.php\/wp-json\/wp\/v2\/users\/1"}],"replies":[{"embeddable":true,"href":"https:\/\/www.fablab-sud31.fr\/index.php\/wp-json\/wp\/v2\/comments?post=1024"}],"version-history":[{"count":3,"href":"https:\/\/www.fablab-sud31.fr\/index.php\/wp-json\/wp\/v2\/pages\/1024\/revisions"}],"predecessor-version":[{"id":1042,"href":"https:\/\/www.fablab-sud31.fr\/index.php\/wp-json\/wp\/v2\/pages\/1024\/revisions\/1042"}],"wp:featuredmedia":[{"embeddable":true,"href":"https:\/\/www.fablab-sud31.fr\/index.php\/wp-json\/wp\/v2\/media\/1020"}],"wp:attachment":[{"href":"https:\/\/www.fablab-sud31.fr\/index.php\/wp-json\/wp\/v2\/media?parent=1024"}],"curies":[{"name":"wp","href":"https:\/\/api.w.org\/{rel}","templated":true}]}}